{"id":9856,"date":"2024-11-04T10:18:28","date_gmt":"2024-11-04T09:18:28","guid":{"rendered":"https:\/\/www.snepfsu-nice.net\/wp\/?page_id=9856"},"modified":"2024-11-04T10:18:28","modified_gmt":"2024-11-04T09:18:28","slug":"page-d-exemple-2-2-6","status":"publish","type":"page","link":"https:\/\/www.snepfsu-nice.net\/wp\/page-d-exemple-2-2-6\/","title":{"rendered":"Edito SEPT 2024"},"content":{"rendered":"\n<h2 class=\"wp-block-heading has-text-align-center has-dark-gray-color has-electric-grass-gradient-background has-text-color has-background has-link-color has-large-font-size wp-elements-eaff020b46aa9cb285010424609c4484\" style=\"font-style:normal;font-weight:700\"><span style=\"color: #99cc00;\"><mark style=\"background-color:rgba(0, 0, 0, 0)\" class=\"has-inline-color has-black-color\">EDITO\u00a0 SEPTEMBRE  2024<\/mark><\/span><\/h2>\n\n\n\n<p class=\"has-text-color has-link-color wp-elements-e490086d6a2bbf0c252836b7f4fb1258\" style=\"color:#1417b1;font-size:32px\">Pour la rentr\u00e9e, pas de ministre (s) et changement d&rsquo;\u00e2ge (unss\/f\u00e9d\u00e9s)<\/p>\n\n\n\n<p>Soutenez l&rsquo;EPS syndiquez vous sans plus attendre!&nbsp;<br><a href=\"https:\/\/32sto.r.sp1-brevo.net\/mk\/cl\/f\/sh\/6rqJfgq8dIPRQa7wLuGcMHmh8Kn\/qAfueTYuEMRr\" target=\"_blank\" rel=\"noreferrer noopener\"><br> en ligne &#8212;&gt; clique ici<\/a><br><a href=\"https:\/\/drive.google.com\/file\/d\/1rLh4pi5UoHLcCWHoBqZT-WZe3dF4sdGC\/view?usp=drive_link\">sur papier&#8212;&gt; c&rsquo;est l\u00e0<\/a><\/p>\n\n\n\n<p class=\"has-text-align-center\">&nbsp; &nbsp;<img loading=\"lazy\" decoding=\"async\" width=\"400\" height=\"267\" class=\"wp-image-9836\" style=\"width: 400px;\" src=\"https:\/\/www.snepfsu-nice.net\/wp\/wp-content\/uploads\/2024\/09\/as-ages.jpg\" alt=\"\" srcset=\"https:\/\/www.snepfsu-nice.net\/wp\/wp-content\/uploads\/2024\/09\/as-ages.jpg 720w, https:\/\/www.snepfsu-nice.net\/wp\/wp-content\/uploads\/2024\/09\/as-ages-300x200.jpg 300w, https:\/\/www.snepfsu-nice.net\/wp\/wp-content\/uploads\/2024\/09\/as-ages-400x267.jpg 400w\" sizes=\"auto, (max-width: 400px) 100vw, 400px\" \/><\/p>\n\n\n\n<figure class=\"wp-block-table has-medium-font-size\"><table><tbody><tr><td><br>\u00a0 Bonjour \u00e0 tous,<br>\u00a0<br>J\u2019esp\u00e8re que vous \u00eates en forme, pr\u00eat.es pour une belle rentr\u00e9e!<br>Le SNEP FSU continue son travail de veille et de promotion du m\u00e9tier.<br><br>Il s\u2019associe pleinement\u00a0 aux d\u00e9clarations\u00a0 des\u00a0 \u00e9lus des AS (disponible sous peu) et vous invite, \u00e9quipe par \u00e9quipe, \u00e0 faire remonter un courrier au minist\u00e8re et au directeur national de l\u2019UNSS pour demander que le r\u00e8glement f\u00e9d\u00e9ral r\u00e9tablisse\u00a0 les cat\u00e9gories d\u2019\u00e2ges qui \u00e9taient \u00e0 l\u2019\u0153uvre jusqu\u2019\u00e0 pr\u00e9sent. Le SNEP propose de collecter ces courriers \u00e0 l\u2019adresse suivante: <a href=\"mailto:sportscolaire@snepfsu.net\"><em>sportscolaire@snepfsu.net<\/em><\/a><br>J\u2019en profite pour rappeler l\u2019activit\u00e9 men\u00e9e l\u2019ann\u00e9e derni\u00e8re pour que l\u2019h\u00e9ritage des JOP ne se limite pas aux trente minutes boug\u00e9es et aux 2h de sport en plus (coquille vide des politiques gouvernementales). Le SNEP a souhait\u00e9 porter un vrai changement pour une jeunesse plus sportive, une EPS \u00e0 4H sur toute la scolarit\u00e9. Ce mandat a \u00e9t\u00e9 repris dans le programme du nouveau front populaire! Une deuxi\u00e8me victoire apr\u00e8s le barrage de la mont\u00e9e des extr\u00eames droites au pouvoir.<br>Sur le plan local, nous continuons \u00e0 nous battre pour que les gestes professionnels soient l\u00e9gitim\u00e9s localement dans les \u00e9tablissements et que les instances rectorales soient vigilantes \u00e0 la sp\u00e9cificit\u00e9 de notre m\u00e9tier.<br>Bien entendu, ces nouvelles victoires ne sont possibles que gr\u00e2ce \u00e0 vos adh\u00e9sions. Je vous invite \u00e0 renouveler ou adh\u00e9rer au snep fsu par la fiche de syndicalisation ou le QR code en haut de cette lettre.<br>Enfin,\u00a0 je vous invite \u00e0 consulter le programme syndical de cette nouvelle ann\u00e9e au recto de cette feuille (Je vous rappelle que vous avez le droit \u00e0 12 jours de formation\u00a0 syndicale par an).<br>Dans l\u2019attente de vous revoir lors de ces stages, je vous souhaite bon courage \u00e0 tous et n\u2019h\u00e9sitez pas \u00e0 nous solliciter ou mieux encore, \u00e0 rejoindre l\u2019\u00e9quipe militante de notre acad\u00e9mie.<br>Bonne rentr\u00e9e. Et bienvenue aux nouveaux!<br>\u00a0\u00a0<br>\u00a0<em>Colas MOUTON <\/em><br><em>Secr\u00e9taire Acad\u00e9mique du SNEP FSU Nice<\/em><br><br><br><br><em>Bonjour les coll\u00e8gues d\u2019EPS\u2026ou d\u2019autres mati\u00e8res non fondamentales (oui en cette rentr\u00e9e 2024 on parle sport, olympisme, paralympisme, valeurs, partage, etc\u2026 l&rsquo;EPS est \u00ab\u00a0LA\u00a0\u00bb, \u00ab\u00a0THE\u00a0\u00bb mati\u00e8re ), les retrait\u00e9s (vous avez bien fait de partir \u00e0 temps, ne le regrettez surtout pas), les autres fonctionnaires, les amis, les connaissances du priv\u00e9, les dirigeants, les pr\u00e9sidents etc\u2026<\/em>\u00a0<br>\u00a0<br><img loading=\"lazy\" decoding=\"async\" width=\"150\" height=\"100\" class=\"wp-image-9833\" style=\"width: 150px;\" src=\"https:\/\/www.snepfsu-nice.net\/wp\/wp-content\/uploads\/2024\/09\/inclusion-bis-720.jpg\" alt=\"\" srcset=\"https:\/\/www.snepfsu-nice.net\/wp\/wp-content\/uploads\/2024\/09\/inclusion-bis-720.jpg 720w, https:\/\/www.snepfsu-nice.net\/wp\/wp-content\/uploads\/2024\/09\/inclusion-bis-720-300x200.jpg 300w, https:\/\/www.snepfsu-nice.net\/wp\/wp-content\/uploads\/2024\/09\/inclusion-bis-720-400x267.jpg 400w\" sizes=\"auto, (max-width: 150px) 100vw, 150px\" \/><em>Apr\u00e8s un \u00e9t\u00e9 chaud, tant au niveau des temp\u00e9ratures jamais \u00e9gal\u00e9es dans le monde qu\u2019au niveau de l\u2019engouement des jeux ou encore au niveau de la tension politique, la rentr\u00e9e va sans doute quelque peu venir refroidir l\u2019atmosph\u00e8re.<\/em><br>\u00a0<br><em>Je d\u00e9clare la c\u00e9r\u00e9monie de l\u2019ann\u00e9e scolaire 2024\/2025 ouverte \u2026(ah j\u2019ai kiff\u00e9 ma race pour ces jeux)\u2026<br>\u00a0<br>Nous voil\u00e0 donc de retour apr\u00e8s un \u00e9t\u00e9 bien m\u00e9rit\u00e9, o\u00f9 les vacances ont \u00e9t\u00e9 aussi courtes que les promesses des politiciens !<\/em><br>\u00a0<br><em>D\u2019ailleurs, nous attendons toujours de conna\u00eetre notre 1er ministre (ah c&rsquo;est fait depuis hier\u2026) et nous concernant, notre ministre de tutelle : je ne me souviens m\u00eame pas du dernier, qui \u00e9tait d\u2019ailleurs une derni\u00e8re je crois, du moins de ce dont je me souviens\u2026<\/em><br>\u00a0<br><em>Entre deux plongeons (ou deux \u00ab bombes \u00bb pour certains comiques) dans la piscine et une overdose de barbecue, plancha, tapas, mojito, spritz et tout le toutim, nous avons tous tent\u00e9 de suivre les Jeux Olympiques et suivront sans doute les Paralympiques (pour ceux qui sont encore ind\u00e9cis, je vous propose d\u2019aller regarder le sketch d\u2019Artus sur le Handisport).<\/em><br>\u00a0<br><em>Donc, apr\u00e8s un \u00e9t\u00e9 de haut vol et des performances sportives qui nous ont fait vibrer : une c\u00e9r\u00e9monie historique, 1\u00e8re fois en dehors d\u2019un stade, de superbes tableaux, des l\u00e9gendes sportives qui s\u2019enchainent pour arriver \u00e0 ce superbe duo final qui allume cette vasque magnifique. Que dire de C\u00e9line terminant ce show en apoth\u00e9ose\u2026<\/em> <em>L\u00e9on (pr\u00e9nom de nos arri\u00e8res grands parents) va de nouveau \u00eatre un pr\u00e9nom \u00e0 la mode en 2024\/25 : oh\u00e9\u2026oh\u00e9\u2026.oh\u00e9\u2026oh\u00e9<\/em><br>\u00a0<br><em>Merci les fr\u00e8res Lebrun, nous allons tous racheter des tables de tennis de table pour rejouer au ping-pong dans nos jardins.<br>\u00a0<br>Maintenant, le temps de combat au judo va se joueur \u00e0 la roulette\u2026<br>\u00a0<br>Les quadras ou quinquas vont se remettre au BMX : et 1 et 2 et 3 m\u00e9dailles (or-argent-bronze)<br>\u00a0<br>Nos jeunes vont nous demander de jouer en 3 vs 3 en basket\u2026bah, \u00e7a on le propose d\u00e9j\u00e0 quoi !<br>\u00a0<br>Belle performance \u00e9galement lors de l\u2019ouverture des Jeux paralympiques mercredi\u2026notre regard change. Cela permet de contribuer \u00e0 une \u00e9volution des mentalit\u00e9s sur ces d\u00e9ficiences, ces diff\u00e9rences.<br>\u00a0<br>Bien, c&rsquo;est maintenant \u00e0 notre tour de reprendre la comp\u00e9tition, mais cette fois sur le terrain de l&rsquo;\u00e9ducation !!!<br>\u00a0<br>Et avouons-le, on a tous secr\u00e8tement r\u00eav\u00e9 de d\u00e9crocher une m\u00e9daille en \u00ab endurance de correction de copies \u00bb ou en \u00ab sprint d\u2019interdiction de portable \u00bb !<br>\u00a0<br>Comme aux Jeux Olympiques et Paralympiques, nous avons tous nos sp\u00e9cialit\u00e9s : certains sont champions du marathon de la patience, d\u2019autres sont m\u00e9daill\u00e9s d\u2019or des punitions, sans oublier nos sprinteurs du tableau Excel !<br>\u00a0<br>Quoi qu\u2019il en soit, ensemble, chacun avec son \u00e9quipe de travail,\u00a0 \u00e0 vous de former une \u00e9quipe de choc pr\u00eate \u00e0 relever tous les d\u00e9fis de cette nouvelle ann\u00e9e scolaire. Alors, mettez\u00a0 vos baskets, sortez vos sifflets et lancez-vous avec enthousiasme dans cette nouvelle \u00e9preuve ! Que les meilleurs gagnent\u2026 ou plut\u00f4t, que les \u00e9l\u00e8ves r\u00e9ussissent (\u00e7a, ce n\u2019est pas une mince affaire !)<\/em><br>\u00a0<br>\u00a0\u00a0<em>Ah, c\u2019est vrai, les \u00e9l\u00e8ves\u2026je pense qu\u2019ils vont nous revenir en pleine forme, avec des r\u00e9cits de vacances \u00e0 faire p\u00e2lir d\u2019envie un guide touristique. Soyons pr\u00eats \u00e0 accueillir leurs exploits estivaux, qui pourraient bien faire concurrence aux performances des plus grands athl\u00e8tes !<br>\u00a0<br>Alors, motiv\u00e9s comme jamais, pr\u00e9parons-nous \u00e0 cette nouvelle ann\u00e9e scolaire. Que notre marathon p\u00e9dagogique commence&#8230; sans faux d\u00e9parts !<\/em><br>\u00a0<em><br>A vos marques, pr\u00eats\u2026 partez pour une ann\u00e9e 2024 olympique, paralympique et m\u00e9morable !<br>\u00a0<br>Je pense qu\u2019apr\u00e8s cette lecture il sera bient\u00f4t l\u2019heure de r\u00e9cup\u00e9rer vos\u00a0 EdT. J\u2019esp\u00e8re aussi que votre chef ne vous aura pas fait les gros yeux parce que vous avez esquiss\u00e9s des sourires pendant son discours protocolaire\u2026.<br>\u00a0<br>Bonne ann\u00e9e scolaire, Happy school year,<br>\u00a0<br>La biz les potos, les poulets, les amigos, Muxus\u2026<br>\u00a0<br>FILOU L. (SNEP St rapha\u00ebl)<\/em><\/td><\/tr><\/tbody><\/table><\/figure>\n\n\n\n<p><\/p>\n\n\n\n<p><\/p>\n\n\n\n<p class=\"has-text-align-right\"><\/p>\n\n\n\n<figure class=\"wp-block-table\"><table><tbody><tr><td><a href=\"https:\/\/32sto.r.sp1-brevo.net\/mk\/cl\/f\/sh\/6rqJfgq8dIUQXx0OoqVG95AU2Ft\/6o7ZtayMKV6x\" target=\"_blank\" rel=\"noreferrer noopener\">Feuille de Syndicalisation<\/a><\/td><\/tr><tr><td>&nbsp; &nbsp; A renvoyer \u00e0 Florent PONS,au 264 boulevard de la Madelaine, 06000 Nice&nbsp;&nbsp;<a href=\"https:\/\/drive.google.com\/file\/d\/1YbxjRcK3artpjbmk8GWI4pOkEMBh7aMc\/view?usp=drive_linkdIW5aPIYJ9uo4gIPfYv\/LmRKPxbWkyBg\" target=\"_blank\" rel=\"noreferrer noopener\"><strong>Je suis stagiaire, je clique ici<\/strong><\/a><br><\/td><\/tr><\/tbody><\/table><\/figure>\n\n\n\n<p><\/p>\n\n\n\n<p class=\"has-light-gray-background-color has-text-color has-background has-medium-font-size\" style=\"color:#d21414\"><\/p>\n\n\n<div class=\"wp-block-image\">\n<figure class=\"alignleft size-large is-resized\"><img decoding=\"async\" src=\"https:\/\/lesite.snepfsu.fr\/wp-content\/uploads\/2022\/09\/2.png\" alt=\"\" style=\"width:258px;height:312px\"\/><\/figure>\n<\/div>\n\n\n<figure class=\"wp-block-table aligncenter\"><table><tbody><tr><td><a rel=\"noreferrer noopener\" href=\"https:\/\/www.snepfsu-nice.net\/wp\/se-syndiquer\/\" target=\"_blank\">Feuille de Syndicalisation<\/a><a href=\"https:\/\/www.snepfsu-nice.net\/wp\/se-syndiquer\/\" data-type=\"link\" data-id=\"https:\/\/www.snepfsu-nice.net\/wp\/se-syndiquer\/\">&#8211;&gt; suivez le lien<\/a><\/td><\/tr><tr><td>&nbsp; &nbsp; A renvoyer \u00e0 Florent PONS,<br>au 264 boulevard de la Madelaine, 06000 Nice<br>&nbsp;&nbsp;<a rel=\"noreferrer noopener\" href=\"https:\/\/32sto.r.a.d.sendibm1.com\/mk\/cl\/f\/sh\/6rqJfgq8dIUQXx0OoqVG95AU2Ft\/bTl0JA7WIKIc\" target=\"_blank\"><strong>Je suis stagiaire, je clique ici<\/strong><\/a><\/td><\/tr><\/tbody><\/table><\/figure>\n\n\n\n<p><\/p>\n\n\n\n<p><\/p>\n\n\n\n<p><\/p>\n\n\n\n<p>Colas MOUTON <a rel=\"noreferrer noopener\" href=\"https:\/\/32sto.r.a.d.sendibm1.com\/mk\/cl\/f\/CzNEJcDSPwT5qjprmp3fgp9_YRI-I0Io4-l1r67PF_UVaLtYifn8SaQHRO_JeG83I4X5R4cmq3I8P-lZhX4_Kx3c6ABDPzwQJTJIfraEoSf9HRp5T7fXZseMAmz7A8G9YlJnpoORVorOwpFAPTpHV6Hp9NczUMsp80TRsVg2qtFayKRzRIHRJ3hXY2qU0GSzdseXlmSXvceZUyk5\" target=\"_blank\">S3-nice@snepfsu.net<\/a><\/p>\n\n\n\n<p><\/p>\n","protected":false},"excerpt":{"rendered":"<p>EDITO\u00a0 SEPTEMBRE 2024 Pour la rentr\u00e9e, pas de ministre (s) et changement d&rsquo;\u00e2ge (unss\/f\u00e9d\u00e9s) Soutenez l&rsquo;EPS syndiquez vous sans plus attendre!&nbsp; en ligne &#8212;&gt; clique icisur papier&#8212;&gt; c&rsquo;est l\u00e0 &nbsp; &nbsp; \u00a0 Bonjour \u00e0 tous,\u00a0J\u2019esp\u00e8re que vous \u00eates en forme, pr\u00eat.es pour une belle rentr\u00e9e!Le SNEP FSU continue son travail de veille et de promotion &hellip; <a href=\"https:\/\/www.snepfsu-nice.net\/wp\/page-d-exemple-2-2-6\/\" class=\"more-link\">Continuer la lecture de <span class=\"screen-reader-text\">Edito SEPT 2024<\/span>  <span class=\"meta-nav\">&rarr;<\/span><\/a><\/p>\n","protected":false},"author":2,"featured_media":9700,"parent":0,"menu_order":0,"comment_status":"closed","ping_status":"closed","template":"","meta":{"footnotes":""},"class_list":["post-9856","page","type-page","status-publish","has-post-thumbnail","hentry"],"_links":{"self":[{"href":"https:\/\/www.snepfsu-nice.net\/wp\/wp-json\/wp\/v2\/pages\/9856","targetHints":{"allow":["GET"]}}],"collection":[{"href":"https:\/\/www.snepfsu-nice.net\/wp\/wp-json\/wp\/v2\/pages"}],"about":[{"href":"https:\/\/www.snepfsu-nice.net\/wp\/wp-json\/wp\/v2\/types\/page"}],"author":[{"embeddable":true,"href":"https:\/\/www.snepfsu-nice.net\/wp\/wp-json\/wp\/v2\/users\/2"}],"replies":[{"embeddable":true,"href":"https:\/\/www.snepfsu-nice.net\/wp\/wp-json\/wp\/v2\/comments?post=9856"}],"version-history":[{"count":1,"href":"https:\/\/www.snepfsu-nice.net\/wp\/wp-json\/wp\/v2\/pages\/9856\/revisions"}],"predecessor-version":[{"id":9861,"href":"https:\/\/www.snepfsu-nice.net\/wp\/wp-json\/wp\/v2\/pages\/9856\/revisions\/9861"}],"wp:featuredmedia":[{"embeddable":true,"href":"https:\/\/www.snepfsu-nice.net\/wp\/wp-json\/wp\/v2\/media\/9700"}],"wp:attachment":[{"href":"https:\/\/www.snepfsu-nice.net\/wp\/wp-json\/wp\/v2\/media?parent=9856"}],"curies":[{"name":"wp","href":"https:\/\/api.w.org\/{rel}","templated":true}]}}